{"id":1471,"date":"2025-03-20T04:59:18","date_gmt":"2025-03-20T04:59:18","guid":{"rendered":"http:\/\/es-natural.local\/product\/pomelo-rosa-kilo\/"},"modified":"2026-02-22T05:51:08","modified_gmt":"2026-02-22T05:51:08","slug":"pomelo-rosa","status":"publish","type":"product","link":"https:\/\/esnaturalbarcelona.com\/en\/product\/pomelo-rosa\/","title":{"rendered":"Pink Grapefruit"},"content":{"rendered":"<p>Pink Grapefruit<\/p>\n","protected":false},"excerpt":{"rendered":"<p>El pomelo o aranja es la fruta del \u00e1rbol de la familia de las rut\u00e1ceas. El sabor del pomelo es muy particular y desconcierta mucha gente que lo prueba, que se encuentra con un sabor menos dulce que el de la naranja, menos \u00e1cido que el del lim\u00f3n y un poco amargo. Los c\u00edtricos si son jugosos deben ser pesados, por lo que elegiremos los pomelos que tengan mayor peso respecto a su tama\u00f1o, ya que as\u00ed indica que est\u00e1n llenos de jugo. El agua es el principal componente de este c\u00edtrico, por lo que el pomelo tiene un escaso valor cal\u00f3rico, a expensas b\u00e1sicamente de los hidratos de carbono. En cuanto a las vitaminas, el pomelo o aranja destaca por su riqueza en vitamina C y \u00e1cido f\u00f3lico. Suele tener un di\u00e1metro medio de entre 10-25 cent\u00edmetros, siendo el tama\u00f1o medio de 7,5. El calibrado de los pomelos, igual que el de todos los c\u00edtricos, viene expresado por el di\u00e1metro m\u00e1ximo de su secci\u00f3n ecuatorial en una escala descendente entre el 1 y el 9. Las pomelos florecen durante la primavera y sus frutos maduran seg\u00fan las variedades entre los meses de oto\u00f1o e invierno, por lo que su mejor \u00e9poca de consumo es entre los meses de octubre y marzo.<\/p>\n<ul class=\"list-inline\">\n<li><strong>Origen<\/strong>: Sud \u00c1frica<\/li>\n<li><strong>Categor\u00eda<\/strong>: Primera<\/li>\n<li><strong>Variedad<\/strong>: Star Ruby<\/li>\n<\/ul>\n<p>Valor Nutricional:<br \/>\nAgua 90,7 g<br \/>\nEnerg\u00eda 31,3 kcal<br \/>\nProte\u00ednas 0,8 g<br \/>\nHidratos de Carbono 6,8 g.<\/p>\n","protected":false},"featured_media":1473,"comment_status":"open","ping_status":"closed","template":"","meta":[],"product_brand":[],"product_cat":[159,77],"product_tag":[],"class_list":{"0":"post-1471","1":"product","2":"type-product","3":"status-publish","4":"has-post-thumbnail","6":"product_cat-productos-frescos","7":"product_cat-frutas","8":"product_shipping_class-fruits-vegetables","10":"first","11":"instock","12":"purchasable","13":"product-type-simple"},"_links":{"self":[{"href":"https:\/\/esnaturalbarcelona.com\/en\/wp-json\/wp\/v2\/product\/1471","targetHints":{"allow":["GET"]}}],"collection":[{"href":"https:\/\/esnaturalbarcelona.com\/en\/wp-json\/wp\/v2\/product"}],"about":[{"href":"https:\/\/esnaturalbarcelona.com\/en\/wp-json\/wp\/v2\/types\/product"}],"replies":[{"embeddable":true,"href":"https:\/\/esnaturalbarcelona.com\/en\/wp-json\/wp\/v2\/comments?post=1471"}],"version-history":[{"count":3,"href":"https:\/\/esnaturalbarcelona.com\/en\/wp-json\/wp\/v2\/product\/1471\/revisions"}],"predecessor-version":[{"id":10779,"href":"https:\/\/esnaturalbarcelona.com\/en\/wp-json\/wp\/v2\/product\/1471\/revisions\/10779"}],"wp:featuredmedia":[{"embeddable":true,"href":"https:\/\/esnaturalbarcelona.com\/en\/wp-json\/wp\/v2\/media\/1473"}],"wp:attachment":[{"href":"https:\/\/esnaturalbarcelona.com\/en\/wp-json\/wp\/v2\/media?parent=1471"}],"wp:term":[{"taxonomy":"product_brand","embeddable":true,"href":"https:\/\/esnaturalbarcelona.com\/en\/wp-json\/wp\/v2\/product_brand?post=1471"},{"taxonomy":"product_cat","embeddable":true,"href":"https:\/\/esnaturalbarcelona.com\/en\/wp-json\/wp\/v2\/product_cat?post=1471"},{"taxonomy":"product_tag","embeddable":true,"href":"https:\/\/esnaturalbarcelona.com\/en\/wp-json\/wp\/v2\/product_tag?post=1471"}],"curies":[{"name":"wp","href":"https:\/\/api.w.org\/{rel}","templated":true}]}}